{"id":3222,"date":"2025-07-14T09:11:32","date_gmt":"2025-07-14T07:11:32","guid":{"rendered":"https:\/\/raimat.paeria.cat\/web\/?page_id=3222"},"modified":"2025-07-14T09:46:55","modified_gmt":"2025-07-14T07:46:55","slug":"actes-de-les-sessions-veinals","status":"publish","type":"page","link":"https:\/\/raimat.paeria.cat\/web\/actes-de-les-sessions-veinals\/","title":{"rendered":"Actes de les sessions ve\u00efnals"},"content":{"rendered":"\n<p><strong>2025<\/strong><\/p>\n\n\n\n<ul class=\"wp-block-list\">\n<li><a href=\"https:\/\/raimat.paeria.cat\/web\/pdf\/acta-ple-2025-02-27-extraordinari-sig.pdf\" target=\"_blank\" rel=\"noreferrer noopener\">Sessi\u00f3 n\u00fam. 1 (extraordin\u00e0ria) de 27 de febrer de 2025<\/a><\/li>\n\n\n\n<li><a href=\"https:\/\/raimat.paeria.cat\/web\/pdf\/acta-ple-2025-03-26-ordinari-sig.pdf\" target=\"_blank\" rel=\"noreferrer noopener\">Sessi\u00f3 n\u00fam. 2 (ordin\u00e0ria) de 26 de mar\u00e7 de 2025<\/a><\/li>\n\n\n\n<li><a href=\"https:\/\/raimat.paeria.cat\/web\/pdf\/acta-ple-2025-05-08-extraordinari-sig.pdf\" target=\"_blank\" rel=\"noreferrer noopener\">Sessi\u00f3 n\u00fam. 3 (extraordin\u00e0ria) de 8 de maig de 2025<\/a><\/li>\n<\/ul>\n\n\n\n<p><\/p>\n\n\n\n<p><strong>2024<\/strong><\/p>\n\n\n\n<ul class=\"wp-block-list\">\n<li><a href=\"https:\/\/raimat.paeria.cat\/web\/pdf\/acta-ple-2024-02-15-extraordinari.pdf\" target=\"_blank\" rel=\"noreferrer noopener\">Sessi\u00f3 n\u00fam. 1 (extraordin\u00e0ria) de 15 de febrer de 2024<\/a><\/li>\n\n\n\n<li><a href=\"https:\/\/raimat.paeria.cat\/web\/pdf\/acta-ple-2024-04-23-ordinari.pdf\" target=\"_blank\" rel=\"noreferrer noopener\">Sessi\u00f3 n\u00fam. 2 (ordin\u00e0ria) de 23 d&#8217;abril de 2024<\/a><\/li>\n\n\n\n<li><a href=\"https:\/\/raimat.paeria.cat\/web\/pdf\/acta-ple-2024-07-11-ordinari.pdf\" target=\"_blank\" rel=\"noreferrer noopener\">Sessi\u00f3 n\u00fam. 3 (ordin\u00e0ria) d&#8217;11 de juliol de 2024<\/a><\/li>\n\n\n\n<li><a href=\"https:\/\/raimat.paeria.cat\/web\/pdf\/acta-ple-2024-10-03-ordinari.pdf\" target=\"_blank\" rel=\"noreferrer noopener\">Sessi\u00f3 n\u00fam. 4 (ordin\u00e0ria) de 3 d&#8217;octubre de 2024<\/a><\/li>\n\n\n\n<li><a href=\"https:\/\/raimat.paeria.cat\/web\/pdf\/acta-ple-2024-11-21-extraordinari.pdf\" target=\"_blank\" rel=\"noreferrer noopener\">Sessi\u00f3 n\u00fam. 5 (extraordin\u00e0ria) de 21 de novembre de 2024<\/a><\/li>\n\n\n\n<li><a href=\"https:\/\/raimat.paeria.cat\/web\/pdf\/acta-ple-2024-12-19-ordinari.pdf\" target=\"_blank\" rel=\"noreferrer noopener\">Sessi\u00f3 n\u00fam. 6 (ordin\u00e0ria) de 19 de desembre de 2024<\/a><\/li>\n<\/ul>\n\n\n\n<p><strong>2023<\/strong><\/p>\n\n\n\n<ul class=\"wp-block-list\">\n<li><a href=\"https:\/\/raimat.paeria.cat\/web\/pdf\/acta-ple-2023-12-20-ordinari.pdf\" target=\"_blank\" rel=\"noreferrer noopener\">Sessi\u00f3 n\u00fam. 9 (ordin\u00e0ria) de 20 de desembre de 2023<\/a><\/li>\n\n\n\n<li><a href=\"https:\/\/raimat.paeria.cat\/web\/pdf\/acta-ple-2023-11-24-extraordinari.pdf\" target=\"_blank\" rel=\"noreferrer noopener\">Sessi\u00f3 n\u00fam. 8 (extraordin\u00e0ria) de 24 de novembre de 2023<\/a><\/li>\n\n\n\n<li><a href=\"https:\/\/raimat.paeria.cat\/web\/pdf\/acta-ple-2023-09-27-ordinari.pdf\" target=\"_blank\" rel=\"noreferrer noopener\">Sessi\u00f3 n\u00fam. 7 (ordin\u00e0ria) de 27 de setembre de 2023<\/a><\/li>\n\n\n\n<li><a href=\"https:\/\/raimat.paeria.cat\/web\/pdf\/acta-ple-2023-07-27-extraordinari-cartipas.pdf\" target=\"_blank\" rel=\"noreferrer noopener\">Sessi\u00f3 n\u00fam. 6 (extraordin\u00e0ria \u2013 Cartip\u00e0s) de 7 de juliol de 2023<\/a><\/li>\n\n\n\n<li><a href=\"https:\/\/raimat.paeria.cat\/web\/pdf\/acta-ple-2023-06-21-extraordinari-constitucio-junta-veinal.pdf\" target=\"_blank\" rel=\"noreferrer noopener\">Sessi\u00f3 n\u00fam. 5 (Constituci\u00f3 de la Junta Ve\u00efnal) de 21 de juny de 2023<\/a><\/li>\n\n\n\n<li><a href=\"https:\/\/raimat.paeria.cat\/web\/pdf\/acta-ple-2023-06-20-extraordinari-tancar-legislatura.pdf\" target=\"_blank\" rel=\"noreferrer noopener\">Sessi\u00f3 n\u00fam. 4 (extraordin\u00e0ria) de 20 de juny de 2023<\/a><\/li>\n\n\n\n<li><a href=\"https:\/\/raimat.paeria.cat\/web\/pdf\/acta-ple-2023-04-28-extraordinari.pdf\" target=\"_blank\" rel=\"noreferrer noopener\">Sessi\u00f3 n\u00fam. 3 (extraordin\u00e0ria) de 28 d\u2019abril de 2023<\/a><\/li>\n\n\n\n<li><a href=\"https:\/\/raimat.paeria.cat\/web\/pdf\/acta-ple-2023-03-27-ordinari.pdf\" target=\"_blank\" rel=\"noreferrer noopener\">Sessi\u00f3 n\u00fam. 2 (ordin\u00e0ria) de 27 de mar\u00e7 de 2023<\/a><\/li>\n\n\n\n<li><a href=\"https:\/\/raimat.paeria.cat\/web\/pdf\/acta-ple-2023-02-10-extraordinari.pdf\" target=\"_blank\" rel=\"noreferrer noopener\">Sessi\u00f3 n\u00fam. 1 (extraordin\u00e0ria) de 10 de febrer de 2023<\/a><\/li>\n<\/ul>\n\n\n\n<p><strong>2022<\/strong><\/p>\n\n\n\n<ul class=\"wp-block-list\">\n<li><a href=\"https:\/\/raimat.paeria.cat\/web\/pdf\/acta-ple-2022-12-28-ordinari.pdf\" target=\"_blank\" rel=\"noreferrer noopener\">Sessi\u00f3 n\u00fam. 7 (ordin\u00e0ria) de 28 de desembre de 2022<\/a><\/li>\n\n\n\n<li><a href=\"https:\/\/raimat.paeria.cat\/web\/pdf\/6-acta-ple-ordinari-19-10-22.pdf\" target=\"_blank\" rel=\"noreferrer noopener\">Sessi\u00f3 n\u00fam. 6 (extraordin\u00e0ria) de 19 d\u2019octubre de 2022<\/a><\/li>\n\n\n\n<li><a href=\"https:\/\/raimat.paeria.cat\/web\/pdf\/5-acta-ple-ordinari-28-09-22.pdf\" target=\"_blank\" rel=\"noreferrer noopener\">Sessi\u00f3 n\u00fam. 5 (ordin\u00e0ria) de 28 de setembre de 2022<\/a><\/li>\n\n\n\n<li><a href=\"https:\/\/raimat.paeria.cat\/web\/pdf\/4-acta-ple-ordinari-19-09-22.pdf\" target=\"_blank\" rel=\"noreferrer noopener\">Sessi\u00f3 n\u00fam. 4 (extraordin\u00e0ria) de 19 de setembre de 2022<\/a><\/li>\n\n\n\n<li><a href=\"https:\/\/raimat.paeria.cat\/web\/pdf\/3-acta-ple-ordinari-29-06-22.pdf\" target=\"_blank\" rel=\"noreferrer noopener\">Sessi\u00f3 n\u00fam. 3 (ordin\u00e0ria) de 29 de juny de 2022<\/a><\/li>\n\n\n\n<li><a href=\"https:\/\/raimat.paeria.cat\/web\/pdf\/acta-ple-2022-05-20-extraordinari.pdf\" target=\"_blank\" rel=\"noreferrer noopener\">Sessi\u00f3 n\u00fam. 2 (extraordin\u00e0ria) de 25 de maig de 2022<\/a><\/li>\n\n\n\n<li><a href=\"https:\/\/raimat.paeria.cat\/web\/pdf\/acta-ple-2022-12-28-ordinari.pdf\" target=\"_blank\" rel=\"noreferrer noopener\">Sessi\u00f3 n\u00fam. 1 (ordin\u00e0ria) 30 de mar\u00e7 de 2022<\/a><\/li>\n<\/ul>\n\n\n\n<p><strong>2021<\/strong><\/p>\n\n\n\n<ul class=\"wp-block-list\">\n<li><a href=\"https:\/\/raimat.paeria.cat\/web\/pdf\/acta-ple-2021-12-22-ordinari.pdf\" target=\"_blank\" rel=\"noreferrer noopener\">Sessi\u00f3 n\u00fam. 9 (ordin\u00e0ria) de 22 de desembre de 2021<\/a><\/li>\n\n\n\n<li><a href=\"https:\/\/raimat.paeria.cat\/web\/pdf\/acta-ple-2021-12-02-extraordinari.pdf\" target=\"_blank\" rel=\"noreferrer noopener\">Sessi\u00f3 n\u00fam. 8 (extraordin\u00e0ria) de 2 de desembre de 2021<\/a><\/li>\n\n\n\n<li><a href=\"https:\/\/raimat.paeria.cat\/web\/pdf\/acta-ple-2021-11-03-extraordinari-credencials-nous-vocals.pdf\" target=\"_blank\" rel=\"noreferrer noopener\">Sessi\u00f3 n\u00fam. 7 (extraordin\u00e0ria) de 3 de novembre de 2021<\/a><\/li>\n\n\n\n<li><a href=\"https:\/\/raimat.paeria.cat\/web\/pdf\/acta-ple-2021-09-24-ordinari.pdf\" target=\"_blank\" rel=\"noreferrer noopener\">Sessi\u00f3 n\u00fam. 6 (ordin\u00e0ria) de 24 de setembre de 2021<\/a><\/li>\n\n\n\n<li><a href=\"https:\/\/raimat.paeria.cat\/web\/pdf\/acta-ple-2021-06-30-extraordinari.pdf\" target=\"_blank\" rel=\"noreferrer noopener\">Sessi\u00f3 n\u00fam. 5 (extraordin\u00e0ria) de 30 de juny de 2021<\/a><\/li>\n\n\n\n<li><a href=\"https:\/\/raimat.paeria.cat\/web\/pdf\/acta-ple-2021-05-27-extraordinari-modificacio-of-1-taxa-piscines.pdf\" target=\"_blank\" rel=\"noreferrer noopener\">Sessi\u00f3 n\u00fam. 4 (extraordin\u00e0ria) de 27 de maig de 2021<\/a><\/li>\n\n\n\n<li><a href=\"https:\/\/raimat.paeria.cat\/web\/pdf\/acta-ple-2021-04-23-extraordinari.pdf\" target=\"_blank\" rel=\"noreferrer noopener\">Sessi\u00f3 n\u00fam. 3 (extraordin\u00e0ria) de 23 d\u2019abril de 2021<\/a><\/li>\n\n\n\n<li><a href=\"https:\/\/raimat.paeria.cat\/web\/pdf\/acta-ple-2021-03-24-ordinari.pdf\" target=\"_blank\" rel=\"noreferrer noopener\">Sessi\u00f3 n\u00fam. 2 (ordin\u00e0ria) de 24 de mar\u00e7 de 2021<\/a><\/li>\n\n\n\n<li><a href=\"https:\/\/raimat.paeria.cat\/web\/pdf\/acta-ple-2021-03-05-extraordinari.pdf\" target=\"_blank\" rel=\"noreferrer noopener\">Sessi\u00f3 n\u00fam. 1 (extraordin\u00e0ria) de 5 de mar\u00e7 de 2021<\/a>&nbsp;<\/li>\n<\/ul>\n\n\n\n<p><strong>2020<\/strong><\/p>\n\n\n\n<ul class=\"wp-block-list\">\n<li><a href=\"https:\/\/raimat.paeria.cat\/web\/pdf\/acta-ple-2020-12-23-ordinari.pdf\" target=\"_blank\" rel=\"noreferrer noopener\">Sessi\u00f3 n\u00fam. 7 (ordin\u00e0ria) de 23 de desembre de 2020<\/a><\/li>\n\n\n\n<li><a href=\"https:\/\/raimat.paeria.cat\/web\/pdf\/acta-ple-2020-10-28-extraordinari.pdf\" target=\"_blank\" rel=\"noreferrer noopener\">Sessi\u00f3 n\u00fam. 6 (extraordin\u00e0ria) de 28 d\u2019octubre de 2020<\/a><\/li>\n\n\n\n<li><a href=\"https:\/\/raimat.paeria.cat\/web\/pdf\/acta-ple-2020-09-30-ordinari.pdf\" target=\"_blank\" rel=\"noreferrer noopener\">Sessi\u00f3 n\u00fam. 5 (ordin\u00e0ria) de 30 de setembre de 2020<\/a><\/li>\n\n\n\n<li><a href=\"https:\/\/raimat.paeria.cat\/web\/pdf\/acta-ple-2020-07-21-extraordinari.pdf\" target=\"_blank\" rel=\"noreferrer noopener\">Sessi\u00f3 n\u00fam. 4 (extraordin\u00e0ria) de 21 de juliol de 2020<\/a><\/li>\n\n\n\n<li><a href=\"https:\/\/raimat.paeria.cat\/web\/pdf\/acta-ple-2020-06-17-ordinari.pdf\" target=\"_blank\" rel=\"noreferrer noopener\">Sessi\u00f3 n\u00fam. 3 (ordin\u00e0ria) de 17 de juny de 2020<\/a><\/li>\n\n\n\n<li><a href=\"https:\/\/raimat.paeria.cat\/web\/pdf\/acta-ple-2020-04-28-ordinari.pdf\" target=\"_blank\" rel=\"noreferrer noopener\">Sessi\u00f3 n\u00fam. 2 (ordin\u00e0ria) de 28 d\u2019abril de 2020<\/a><\/li>\n\n\n\n<li><a href=\"https:\/\/raimat.paeria.cat\/web\/pdf\/acta-ple-2020-01-20-extraordinari.pdf\" target=\"_blank\" rel=\"noreferrer noopener\">Sessi\u00f3 n\u00fam. 1 (extraordin\u00e0ria) de 20 de gener de 2020<\/a><\/li>\n<\/ul>\n\n\n\n<p><strong>2019<\/strong><\/p>\n\n\n\n<ul class=\"wp-block-list\">\n<li>Sessi\u00f3 n\u00famero 5 (ordin\u00e0ria) de 17 de desembre de 2019<\/li>\n<\/ul>\n","protected":false},"excerpt":{"rendered":"<p>2025 2024 2023 2022 2021 2020 2019<\/p>\n","protected":false},"author":8,"featured_media":0,"parent":0,"menu_order":0,"comment_status":"closed","ping_status":"closed","template":"","meta":{"footnotes":""},"class_list":["post-3222","page","type-page","status-publish"],"yoast_head":"<!-- This site is optimized with the Yoast SEO plugin v27.5 - https:\/\/yoast.com\/product\/yoast-seo-wordpress\/ -->\n<title>Actes de les sessions ve\u00efnals - Entitat Municipal Descentralitzada de Raimat - La Paeria - Ajuntament Lleida<\/title>\n<meta name=\"robots\" content=\"index, follow, max-snippet:-1, max-image-preview:large, max-video-preview:-1\" \/>\n<link rel=\"canonical\" href=\"https:\/\/raimat.paeria.cat\/web\/actes-de-les-sessions-veinals\/\" \/>\n<meta property=\"og:locale\" content=\"ca_ES\" \/>\n<meta property=\"og:type\" content=\"article\" \/>\n<meta property=\"og:title\" content=\"Actes de les sessions ve\u00efnals - Entitat Municipal Descentralitzada de Raimat - La Paeria - Ajuntament Lleida\" \/>\n<meta property=\"og:description\" content=\"2025 2024 2023 2022 2021 2020 2019\" \/>\n<meta property=\"og:url\" content=\"https:\/\/raimat.paeria.cat\/web\/actes-de-les-sessions-veinals\/\" \/>\n<meta property=\"og:site_name\" content=\"Entitat Municipal Descentralitzada de Raimat - La Paeria - Ajuntament Lleida\" \/>\n<meta property=\"article:modified_time\" content=\"2025-07-14T07:46:55+00:00\" \/>\n<meta name=\"twitter:card\" content=\"summary_large_image\" \/>\n<meta name=\"twitter:label1\" content=\"Temps estimat de lectura\" \/>\n\t<meta name=\"twitter:data1\" content=\"3 minuts\" \/>\n<script type=\"application\/ld+json\" class=\"yoast-schema-graph\">{\"@context\":\"https:\\\/\\\/schema.org\",\"@graph\":[{\"@type\":\"WebPage\",\"@id\":\"https:\\\/\\\/raimat.paeria.cat\\\/web\\\/actes-de-les-sessions-veinals\\\/\",\"url\":\"https:\\\/\\\/raimat.paeria.cat\\\/web\\\/actes-de-les-sessions-veinals\\\/\",\"name\":\"Actes de les sessions ve\u00efnals - Entitat Municipal Descentralitzada de Raimat - La Paeria - Ajuntament Lleida\",\"isPartOf\":{\"@id\":\"https:\\\/\\\/raimat.paeria.cat\\\/web\\\/#website\"},\"datePublished\":\"2025-07-14T07:11:32+00:00\",\"dateModified\":\"2025-07-14T07:46:55+00:00\",\"breadcrumb\":{\"@id\":\"https:\\\/\\\/raimat.paeria.cat\\\/web\\\/actes-de-les-sessions-veinals\\\/#breadcrumb\"},\"inLanguage\":\"ca\",\"potentialAction\":[{\"@type\":\"ReadAction\",\"target\":[\"https:\\\/\\\/raimat.paeria.cat\\\/web\\\/actes-de-les-sessions-veinals\\\/\"]}]},{\"@type\":\"BreadcrumbList\",\"@id\":\"https:\\\/\\\/raimat.paeria.cat\\\/web\\\/actes-de-les-sessions-veinals\\\/#breadcrumb\",\"itemListElement\":[{\"@type\":\"ListItem\",\"position\":1,\"name\":\"Inici\",\"item\":\"https:\\\/\\\/raimat.paeria.cat\\\/web\\\/\"},{\"@type\":\"ListItem\",\"position\":2,\"name\":\"Actes de les sessions ve\u00efnals\"}]},{\"@type\":\"WebSite\",\"@id\":\"https:\\\/\\\/raimat.paeria.cat\\\/web\\\/#website\",\"url\":\"https:\\\/\\\/raimat.paeria.cat\\\/web\\\/\",\"name\":\"Entitat Municipal Descentralitzada de Raimat - La Paeria - Ajuntament Lleida\",\"description\":\"Entitat Municipal Descentralitzada de Raimat\",\"publisher\":{\"@id\":\"https:\\\/\\\/raimat.paeria.cat\\\/web\\\/#organization\"},\"potentialAction\":[{\"@type\":\"SearchAction\",\"target\":{\"@type\":\"EntryPoint\",\"urlTemplate\":\"https:\\\/\\\/raimat.paeria.cat\\\/web\\\/?s={search_term_string}\"},\"query-input\":{\"@type\":\"PropertyValueSpecification\",\"valueRequired\":true,\"valueName\":\"search_term_string\"}}],\"inLanguage\":\"ca\"},{\"@type\":\"Organization\",\"@id\":\"https:\\\/\\\/raimat.paeria.cat\\\/web\\\/#organization\",\"name\":\"Ajuntament de Lleida\",\"url\":\"https:\\\/\\\/raimat.paeria.cat\\\/web\\\/\",\"logo\":{\"@type\":\"ImageObject\",\"inLanguage\":\"ca\",\"@id\":\"https:\\\/\\\/raimat.paeria.cat\\\/web\\\/#\\\/schema\\\/logo\\\/image\\\/\",\"url\":\"https:\\\/\\\/raimat.paeria.cat\\\/web\\\/wp-content\\\/uploads\\\/2020\\\/06\\\/capcalera-raimat-escut-logo-paeria.png\",\"contentUrl\":\"https:\\\/\\\/raimat.paeria.cat\\\/web\\\/wp-content\\\/uploads\\\/2020\\\/06\\\/capcalera-raimat-escut-logo-paeria.png\",\"width\":1100,\"height\":221,\"caption\":\"Ajuntament de Lleida\"},\"image\":{\"@id\":\"https:\\\/\\\/raimat.paeria.cat\\\/web\\\/#\\\/schema\\\/logo\\\/image\\\/\"}}]}<\/script>\n<!-- \/ Yoast SEO plugin. -->","yoast_head_json":{"title":"Actes de les sessions ve\u00efnals - Entitat Municipal Descentralitzada de Raimat - La Paeria - Ajuntament Lleida","robots":{"index":"index","follow":"follow","max-snippet":"max-snippet:-1","max-image-preview":"max-image-preview:large","max-video-preview":"max-video-preview:-1"},"canonical":"https:\/\/raimat.paeria.cat\/web\/actes-de-les-sessions-veinals\/","og_locale":"ca_ES","og_type":"article","og_title":"Actes de les sessions ve\u00efnals - Entitat Municipal Descentralitzada de Raimat - La Paeria - Ajuntament Lleida","og_description":"2025 2024 2023 2022 2021 2020 2019","og_url":"https:\/\/raimat.paeria.cat\/web\/actes-de-les-sessions-veinals\/","og_site_name":"Entitat Municipal Descentralitzada de Raimat - La Paeria - Ajuntament Lleida","article_modified_time":"2025-07-14T07:46:55+00:00","twitter_card":"summary_large_image","twitter_misc":{"Temps estimat de lectura":"3 minuts"},"schema":{"@context":"https:\/\/schema.org","@graph":[{"@type":"WebPage","@id":"https:\/\/raimat.paeria.cat\/web\/actes-de-les-sessions-veinals\/","url":"https:\/\/raimat.paeria.cat\/web\/actes-de-les-sessions-veinals\/","name":"Actes de les sessions ve\u00efnals - Entitat Municipal Descentralitzada de Raimat - La Paeria - Ajuntament Lleida","isPartOf":{"@id":"https:\/\/raimat.paeria.cat\/web\/#website"},"datePublished":"2025-07-14T07:11:32+00:00","dateModified":"2025-07-14T07:46:55+00:00","breadcrumb":{"@id":"https:\/\/raimat.paeria.cat\/web\/actes-de-les-sessions-veinals\/#breadcrumb"},"inLanguage":"ca","potentialAction":[{"@type":"ReadAction","target":["https:\/\/raimat.paeria.cat\/web\/actes-de-les-sessions-veinals\/"]}]},{"@type":"BreadcrumbList","@id":"https:\/\/raimat.paeria.cat\/web\/actes-de-les-sessions-veinals\/#breadcrumb","itemListElement":[{"@type":"ListItem","position":1,"name":"Inici","item":"https:\/\/raimat.paeria.cat\/web\/"},{"@type":"ListItem","position":2,"name":"Actes de les sessions ve\u00efnals"}]},{"@type":"WebSite","@id":"https:\/\/raimat.paeria.cat\/web\/#website","url":"https:\/\/raimat.paeria.cat\/web\/","name":"Entitat Municipal Descentralitzada de Raimat - La Paeria - Ajuntament Lleida","description":"Entitat Municipal Descentralitzada de Raimat","publisher":{"@id":"https:\/\/raimat.paeria.cat\/web\/#organization"},"potentialAction":[{"@type":"SearchAction","target":{"@type":"EntryPoint","urlTemplate":"https:\/\/raimat.paeria.cat\/web\/?s={search_term_string}"},"query-input":{"@type":"PropertyValueSpecification","valueRequired":true,"valueName":"search_term_string"}}],"inLanguage":"ca"},{"@type":"Organization","@id":"https:\/\/raimat.paeria.cat\/web\/#organization","name":"Ajuntament de Lleida","url":"https:\/\/raimat.paeria.cat\/web\/","logo":{"@type":"ImageObject","inLanguage":"ca","@id":"https:\/\/raimat.paeria.cat\/web\/#\/schema\/logo\/image\/","url":"https:\/\/raimat.paeria.cat\/web\/wp-content\/uploads\/2020\/06\/capcalera-raimat-escut-logo-paeria.png","contentUrl":"https:\/\/raimat.paeria.cat\/web\/wp-content\/uploads\/2020\/06\/capcalera-raimat-escut-logo-paeria.png","width":1100,"height":221,"caption":"Ajuntament de Lleida"},"image":{"@id":"https:\/\/raimat.paeria.cat\/web\/#\/schema\/logo\/image\/"}}]}},"_links":{"self":[{"href":"https:\/\/raimat.paeria.cat\/web\/wp-json\/wp\/v2\/pages\/3222","targetHints":{"allow":["GET"]}}],"collection":[{"href":"https:\/\/raimat.paeria.cat\/web\/wp-json\/wp\/v2\/pages"}],"about":[{"href":"https:\/\/raimat.paeria.cat\/web\/wp-json\/wp\/v2\/types\/page"}],"author":[{"embeddable":true,"href":"https:\/\/raimat.paeria.cat\/web\/wp-json\/wp\/v2\/users\/8"}],"replies":[{"embeddable":true,"href":"https:\/\/raimat.paeria.cat\/web\/wp-json\/wp\/v2\/comments?post=3222"}],"version-history":[{"count":8,"href":"https:\/\/raimat.paeria.cat\/web\/wp-json\/wp\/v2\/pages\/3222\/revisions"}],"predecessor-version":[{"id":3233,"href":"https:\/\/raimat.paeria.cat\/web\/wp-json\/wp\/v2\/pages\/3222\/revisions\/3233"}],"wp:attachment":[{"href":"https:\/\/raimat.paeria.cat\/web\/wp-json\/wp\/v2\/media?parent=3222"}],"curies":[{"name":"wp","href":"https:\/\/api.w.org\/{rel}","templated":true}]}}