{"id":1360,"date":"2021-06-09T12:13:30","date_gmt":"2021-06-09T10:13:30","guid":{"rendered":"https:\/\/raimat.paeria.cat\/web\/?page_id=1360"},"modified":"2021-06-09T12:13:58","modified_gmt":"2021-06-09T10:13:58","slug":"noticies","status":"publish","type":"page","link":"https:\/\/raimat.paeria.cat\/web\/noticies\/","title":{"rendered":"Not\u00edcies"},"content":{"rendered":"\t\t<div data-elementor-type=\"wp-page\" data-elementor-id=\"1360\" class=\"elementor elementor-1360\">\n\t\t\t\t\t\t<section class=\"elementor-section elementor-top-section elementor-element elementor-element-5e304bc elementor-section-boxed elementor-section-height-default elementor-section-height-default\" data-id=\"5e304bc\" data-element_type=\"section\" data-e-type=\"section\">\n\t\t\t\t\t\t<div class=\"elementor-container elementor-column-gap-default\">\n\t\t\t\t\t<div class=\"elementor-column elementor-col-100 elementor-top-column elementor-element elementor-element-7c27270\" data-id=\"7c27270\" data-element_type=\"column\" data-e-type=\"column\">\n\t\t\t<div class=\"elementor-widget-wrap elementor-element-populated\">\n\t\t\t\t\t\t<div class=\"elementor-element elementor-element-441fb0a elementor-widget elementor-widget-shortcode\" data-id=\"441fb0a\" data-element_type=\"widget\" data-e-type=\"widget\" data-widget_type=\"shortcode.default\">\n\t\t\t\t<div class=\"elementor-widget-container\">\n\t\t\t\t\t\t\t<div class=\"elementor-shortcode\"><style>.wp-show-posts-columns#wpsp-1359 {margin-left: -2em; }.wp-show-posts-columns#wpsp-1359 .wp-show-posts-inner {margin: 0 0 2em 2em; }<\/style><section id=\"wpsp-1359\" class=\" wp-show-posts-columns wp-show-posts\" style=\"\"><article class=\" wp-show-posts-single post-3515 post type-post status-publish format-standard has-post-thumbnail hentry category-noticia wpsp-col-6\" itemtype=\"http:\/\/schema.org\/CreativeWork\" itemscope><div class=\"wp-show-posts-inner\" style=\"\">\t\t\t\t\t\t<header class=\"wp-show-posts-entry-header\">\n\t\t\t\t\t\t\t<h2 class=\"wp-show-posts-entry-title\" itemprop=\"headline\"><a href=\"https:\/\/raimat.paeria.cat\/web\/setmana-cultural-i-festa-major-de-primavera-2026\/\" rel=\"bookmark\">Setmana cultural i Festa Major de Primavera 2026<\/a><\/h2><div class=\"wp-show-posts-entry-meta wp-show-posts-entry-meta-below-title post-meta-inline\"><span class=\"wp-show-posts-posted-on wp-show-posts-meta\">\n\t\t\t\t\t<a href=\"https:\/\/raimat.paeria.cat\/web\/setmana-cultural-i-festa-major-de-primavera-2026\/\" title=\"1:02\" rel=\"bookmark\"><time class=\"wp-show-posts-entry-date published\" datetime=\"2026-04-15T01:02:44+02:00\" itemprop=\"datePublished\">15 d&#039;abril de 2026<\/time><time class=\"wp-show-posts-updated\" datetime=\"2026-04-15T01:02:45+02:00\" itemprop=\"dateModified\">15 d&#039;abril de 2026<\/time><\/a>\n\t\t\t\t<\/span><\/div>\t\t\t\t\t\t<\/header><!-- .entry-header -->\n\t\t\t\t\t\t\t<div class=\"wp-show-posts-image  wpsp-image-center \">\n\t\t\t<a href=\"https:\/\/raimat.paeria.cat\/web\/setmana-cultural-i-festa-major-de-primavera-2026\/\"  title=\"Setmana cultural i Festa Major de Primavera 2026\"><img fetchpriority=\"high\" decoding=\"async\" width=\"1414\" height=\"2000\" src=\"https:\/\/raimat.paeria.cat\/web\/wp-content\/uploads\/2026\/04\/2026_SCFMP_Cartell.png\" class=\"attachment-full size-full wp-post-image\" alt=\"\" itemprop=\"image\" srcset=\"https:\/\/raimat.paeria.cat\/web\/wp-content\/uploads\/2026\/04\/2026_SCFMP_Cartell.png 1414w, https:\/\/raimat.paeria.cat\/web\/wp-content\/uploads\/2026\/04\/2026_SCFMP_Cartell-212x300.png 212w, https:\/\/raimat.paeria.cat\/web\/wp-content\/uploads\/2026\/04\/2026_SCFMP_Cartell-724x1024.png 724w, https:\/\/raimat.paeria.cat\/web\/wp-content\/uploads\/2026\/04\/2026_SCFMP_Cartell-768x1086.png 768w, https:\/\/raimat.paeria.cat\/web\/wp-content\/uploads\/2026\/04\/2026_SCFMP_Cartell-1086x1536.png 1086w\" sizes=\"(max-width: 1414px) 100vw, 1414px\" \/><\/a>\t\t<\/div>\n\t\t\t\t\t\t\t\t<div class=\"wp-show-posts-entry-summary\" itemprop=\"text\">\n\t\t\t\t\t\t\t<p>\u00c0rea de Cultura, de Tradicions i de Participaci\u00f3 Ciutadana<\/p>\n\t\t\t\t\t\t<\/div><!-- .entry-summary -->\n\t\t\t\t\t<div class=\"wpsp-read-more\"><a title=\"Setmana cultural i Festa Major de Primavera 2026\" class=\"wp-show-posts-read-more\" href=\"https:\/\/raimat.paeria.cat\/web\/setmana-cultural-i-festa-major-de-primavera-2026\/\">Llegir m\u00e9s<\/a><\/div><\/div><!-- wp-show-posts-inner --><\/article><article class=\" wp-show-posts-single post-3512 post type-post status-publish format-standard hentry category-noticia wpsp-col-6\" itemtype=\"http:\/\/schema.org\/CreativeWork\" itemscope><div class=\"wp-show-posts-inner\" style=\"\">\t\t\t\t\t\t<header class=\"wp-show-posts-entry-header\">\n\t\t\t\t\t\t\t<h2 class=\"wp-show-posts-entry-title\" itemprop=\"headline\"><a href=\"https:\/\/raimat.paeria.cat\/web\/ple-ordinari-14-04-2026\/\" rel=\"bookmark\">Ple ordinari-14\/04\/2026<\/a><\/h2><div class=\"wp-show-posts-entry-meta wp-show-posts-entry-meta-below-title post-meta-inline\"><span class=\"wp-show-posts-posted-on wp-show-posts-meta\">\n\t\t\t\t\t<a href=\"https:\/\/raimat.paeria.cat\/web\/ple-ordinari-14-04-2026\/\" title=\"15:00\" rel=\"bookmark\"><time class=\"wp-show-posts-entry-date published\" datetime=\"2026-04-10T15:00:00+02:00\" itemprop=\"datePublished\">10 d&#039;abril de 2026<\/time><time class=\"wp-show-posts-updated\" datetime=\"2026-04-14T13:22:17+02:00\" itemprop=\"dateModified\">14 d&#039;abril de 2026<\/time><\/a>\n\t\t\t\t<\/span><\/div>\t\t\t\t\t\t<\/header><!-- .entry-header -->\n\t\t\t\t\t\t\t\t\t\t\t<div class=\"wp-show-posts-entry-summary\" itemprop=\"text\">\n\t\t\t\t\t\t\t<p>Sal\u00f3 de Plens de l&#8217;EMD de Raimat Exp.G0102020201R\/2026\/0002 ANUNCI&nbsp; Convocat\u00f2ria de sessi\u00f3 ordin\u00e0ria de la Junta Ve\u00efnal de l\u2019Entitat Municipal Descentralitzada de Raimat, que tindr\u00e0 lloc en primera convocat\u00f2ria el&nbsp;pr\u00f2xim&#8230;<\/p>\n\t\t\t\t\t\t<\/div><!-- .entry-summary -->\n\t\t\t\t\t<div class=\"wpsp-read-more\"><a title=\"Ple ordinari-14\/04\/2026\" class=\"wp-show-posts-read-more\" href=\"https:\/\/raimat.paeria.cat\/web\/ple-ordinari-14-04-2026\/\">Llegir m\u00e9s<\/a><\/div><\/div><!-- wp-show-posts-inner --><\/article><article class=\" wp-show-posts-single post-3506 post type-post status-publish format-standard has-post-thumbnail hentry category-noticia wpsp-col-6\" itemtype=\"http:\/\/schema.org\/CreativeWork\" itemscope><div class=\"wp-show-posts-inner\" style=\"\">\t\t\t\t\t\t<header class=\"wp-show-posts-entry-header\">\n\t\t\t\t\t\t\t<h2 class=\"wp-show-posts-entry-title\" itemprop=\"headline\"><a href=\"https:\/\/raimat.paeria.cat\/web\/el-polvori-de-raimat\/\" rel=\"bookmark\">El Polvor\u00ed de Raimat<\/a><\/h2><div class=\"wp-show-posts-entry-meta wp-show-posts-entry-meta-below-title post-meta-inline\"><span class=\"wp-show-posts-posted-on wp-show-posts-meta\">\n\t\t\t\t\t<a href=\"https:\/\/raimat.paeria.cat\/web\/el-polvori-de-raimat\/\" title=\"0:26\" rel=\"bookmark\"><time class=\"wp-show-posts-entry-date published\" datetime=\"2026-04-10T00:26:12+02:00\" itemprop=\"datePublished\">10 d&#039;abril de 2026<\/time><time class=\"wp-show-posts-updated\" datetime=\"2026-04-10T00:32:04+02:00\" itemprop=\"dateModified\">10 d&#039;abril de 2026<\/time><\/a>\n\t\t\t\t<\/span><\/div>\t\t\t\t\t\t<\/header><!-- .entry-header -->\n\t\t\t\t\t\t\t<div class=\"wp-show-posts-image  wpsp-image-center \">\n\t\t\t<a href=\"https:\/\/raimat.paeria.cat\/web\/el-polvori-de-raimat\/\"  title=\"El Polvor\u00ed de Raimat\"><img decoding=\"async\" width=\"1080\" height=\"1080\" src=\"https:\/\/raimat.paeria.cat\/web\/wp-content\/uploads\/2026\/04\/2026-04-12_XXSS_Itinerari-El-Polvori-de-Raimat.jpg\" class=\"attachment-full size-full wp-post-image\" alt=\"\" itemprop=\"image\" srcset=\"https:\/\/raimat.paeria.cat\/web\/wp-content\/uploads\/2026\/04\/2026-04-12_XXSS_Itinerari-El-Polvori-de-Raimat.jpg 1080w, https:\/\/raimat.paeria.cat\/web\/wp-content\/uploads\/2026\/04\/2026-04-12_XXSS_Itinerari-El-Polvori-de-Raimat-300x300.jpg 300w, https:\/\/raimat.paeria.cat\/web\/wp-content\/uploads\/2026\/04\/2026-04-12_XXSS_Itinerari-El-Polvori-de-Raimat-1024x1024.jpg 1024w, https:\/\/raimat.paeria.cat\/web\/wp-content\/uploads\/2026\/04\/2026-04-12_XXSS_Itinerari-El-Polvori-de-Raimat-150x150.jpg 150w, https:\/\/raimat.paeria.cat\/web\/wp-content\/uploads\/2026\/04\/2026-04-12_XXSS_Itinerari-El-Polvori-de-Raimat-768x768.jpg 768w\" sizes=\"(max-width: 1080px) 100vw, 1080px\" \/><\/a>\t\t<\/div>\n\t\t\t\t\t\t\t\t<div class=\"wp-show-posts-entry-summary\" itemprop=\"text\">\n\t\t\t\t\t\t\t<p>Ajuntament de Lleida i EMD de Raimat Itinerari de Mem\u00f2ria Democr\u00e0tica a RaimatDiumenge 12 d\u2019abril \u00b7 10.00 hMem\u00f2ria Democr\u00e0tica de l\u2019Ajuntament de Lleida organitza un nou itinerari dedicat al Polvor\u00ed&#8230;<\/p>\n\t\t\t\t\t\t<\/div><!-- .entry-summary -->\n\t\t\t\t\t<div class=\"wpsp-read-more\"><a title=\"El Polvor\u00ed de Raimat\" class=\"wp-show-posts-read-more\" href=\"https:\/\/raimat.paeria.cat\/web\/el-polvori-de-raimat\/\">Llegir m\u00e9s<\/a><\/div><\/div><!-- wp-show-posts-inner --><\/article><article class=\" wp-show-posts-single post-3509 post type-post status-publish format-standard has-post-thumbnail hentry category-noticia wpsp-col-6\" itemtype=\"http:\/\/schema.org\/CreativeWork\" itemscope><div class=\"wp-show-posts-inner\" style=\"\">\t\t\t\t\t\t<header class=\"wp-show-posts-entry-header\">\n\t\t\t\t\t\t\t<h2 class=\"wp-show-posts-entry-title\" itemprop=\"headline\"><a href=\"https:\/\/raimat.paeria.cat\/web\/4t-criterium-ciclista-ccterraferma\/\" rel=\"bookmark\">4t Crit\u00e8rium Ciclista CCTerraferma<\/a><\/h2><div class=\"wp-show-posts-entry-meta wp-show-posts-entry-meta-below-title post-meta-inline\"><span class=\"wp-show-posts-posted-on wp-show-posts-meta\">\n\t\t\t\t\t<a href=\"https:\/\/raimat.paeria.cat\/web\/4t-criterium-ciclista-ccterraferma\/\" title=\"9:00\" rel=\"bookmark\"><time class=\"wp-show-posts-entry-date published\" datetime=\"2026-04-09T09:00:00+02:00\" itemprop=\"datePublished\">9 d&#039;abril de 2026<\/time><time class=\"wp-show-posts-updated\" datetime=\"2026-04-14T12:16:11+02:00\" itemprop=\"dateModified\">14 d&#039;abril de 2026<\/time><\/a>\n\t\t\t\t<\/span><\/div>\t\t\t\t\t\t<\/header><!-- .entry-header -->\n\t\t\t\t\t\t\t<div class=\"wp-show-posts-image  wpsp-image-center \">\n\t\t\t<a href=\"https:\/\/raimat.paeria.cat\/web\/4t-criterium-ciclista-ccterraferma\/\"  title=\"4t Crit\u00e8rium Ciclista CCTerraferma\"><img decoding=\"async\" width=\"1080\" height=\"1350\" src=\"https:\/\/raimat.paeria.cat\/web\/wp-content\/uploads\/2026\/04\/Cartell.jpeg\" class=\"attachment-full size-full wp-post-image\" alt=\"\" itemprop=\"image\" srcset=\"https:\/\/raimat.paeria.cat\/web\/wp-content\/uploads\/2026\/04\/Cartell.jpeg 1080w, https:\/\/raimat.paeria.cat\/web\/wp-content\/uploads\/2026\/04\/Cartell-240x300.jpeg 240w, https:\/\/raimat.paeria.cat\/web\/wp-content\/uploads\/2026\/04\/Cartell-819x1024.jpeg 819w, https:\/\/raimat.paeria.cat\/web\/wp-content\/uploads\/2026\/04\/Cartell-768x960.jpeg 768w\" sizes=\"(max-width: 1080px) 100vw, 1080px\" \/><\/a>\t\t<\/div>\n\t\t\t\t\t\t\t\t<div class=\"wp-show-posts-entry-summary\" itemprop=\"text\">\n\t\t\t\t\t\t\t<p>\u00c0rea d&#8217;Esports i de Promoci\u00f3 de l&#8217;Activitat F\u00edsica El proper&nbsp;18 d\u2019abril&nbsp;s\u2019organitza el &nbsp;4t CRIT\u00c8RIUM CC TERRAFERMA-PRATS ADVOCATS, campionats de Catalunya ciclista. Enguany la sortida i l\u2019arribada es far\u00e0 a Raimat,&#8230;<\/p>\n\t\t\t\t\t\t<\/div><!-- .entry-summary -->\n\t\t\t\t\t<div class=\"wpsp-read-more\"><a title=\"4t Crit\u00e8rium Ciclista CCTerraferma\" class=\"wp-show-posts-read-more\" href=\"https:\/\/raimat.paeria.cat\/web\/4t-criterium-ciclista-ccterraferma\/\">Llegir m\u00e9s<\/a><\/div><\/div><!-- wp-show-posts-inner --><\/article><article class=\" wp-show-posts-single post-3499 post type-post status-publish format-standard hentry category-noticia wpsp-col-6\" itemtype=\"http:\/\/schema.org\/CreativeWork\" itemscope><div class=\"wp-show-posts-inner\" style=\"\">\t\t\t\t\t\t<header class=\"wp-show-posts-entry-header\">\n\t\t\t\t\t\t\t<h2 class=\"wp-show-posts-entry-title\" itemprop=\"headline\"><a href=\"https:\/\/raimat.paeria.cat\/web\/3499-2\/\" rel=\"bookmark\">Reserva d&#8217;acc\u00e9s al parc de les Piscines Municipals<\/a><\/h2><div class=\"wp-show-posts-entry-meta wp-show-posts-entry-meta-below-title post-meta-inline\"><span class=\"wp-show-posts-posted-on wp-show-posts-meta\">\n\t\t\t\t\t<a href=\"https:\/\/raimat.paeria.cat\/web\/3499-2\/\" title=\"13:21\" rel=\"bookmark\"><time class=\"wp-show-posts-entry-date published\" datetime=\"2026-03-26T13:21:39+02:00\" itemprop=\"datePublished\">26 de mar\u00e7 de 2026<\/time><time class=\"wp-show-posts-updated\" datetime=\"2026-03-26T13:59:56+02:00\" itemprop=\"dateModified\">26 de mar\u00e7 de 2026<\/time><\/a>\n\t\t\t\t<\/span><\/div>\t\t\t\t\t\t<\/header><!-- .entry-header -->\n\t\t\t\t\t\t\t\t\t\t\t<div class=\"wp-show-posts-entry-summary\" itemprop=\"text\">\n\t\t\t\t\t\t\t<p>Enlla\u00e7 al formulari per a la reserva: https:\/\/docs.google.com\/forms\/d\/e\/1FAIpQLSdMYROjQ1LQHekMJAa-FaL0lhtIMmYV0N1tWhhYZP6hQlHwVQ\/viewform?usp=dialog Enlla\u00e7 al formulari per a persones s\u00f2cies de l&#8217;Associaci\u00f3 de Ve\u00efns i\/o empadronades a Raimat https:\/\/docs.google.com\/forms\/d\/e\/1FAIpQLSeYprGnqf1q26aagwwN1wlTvYqG0mtPUQH7j1MFrfIa9CFIXg\/viewform?usp=publish-editor<\/p>\n\t\t\t\t\t\t<\/div><!-- .entry-summary -->\n\t\t\t\t\t<div class=\"wpsp-read-more\"><a title=\"Reserva d&#8217;acc\u00e9s al parc de les Piscines Municipals\" class=\"wp-show-posts-read-more\" href=\"https:\/\/raimat.paeria.cat\/web\/3499-2\/\">Llegir m\u00e9s<\/a><\/div><\/div><!-- wp-show-posts-inner --><\/article><article class=\" wp-show-posts-single post-3488 post type-post status-publish format-standard hentry category-noticia wpsp-col-6\" itemtype=\"http:\/\/schema.org\/CreativeWork\" itemscope><div class=\"wp-show-posts-inner\" style=\"\">\t\t\t\t\t\t<header class=\"wp-show-posts-entry-header\">\n\t\t\t\t\t\t\t<h2 class=\"wp-show-posts-entry-title\" itemprop=\"headline\"><a href=\"https:\/\/raimat.paeria.cat\/web\/consulta-publica-3\/\" rel=\"bookmark\">Consulta p\u00fablica<\/a><\/h2><div class=\"wp-show-posts-entry-meta wp-show-posts-entry-meta-below-title post-meta-inline\"><span class=\"wp-show-posts-posted-on wp-show-posts-meta\">\n\t\t\t\t\t<a href=\"https:\/\/raimat.paeria.cat\/web\/consulta-publica-3\/\" title=\"9:05\" rel=\"bookmark\"><time class=\"wp-show-posts-entry-date published\" datetime=\"2026-03-04T09:05:00+02:00\" itemprop=\"datePublished\">4 de mar\u00e7 de 2026<\/time><time class=\"wp-show-posts-updated\" datetime=\"2026-03-09T11:51:35+02:00\" itemprop=\"dateModified\">9 de mar\u00e7 de 2026<\/time><\/a>\n\t\t\t\t<\/span><\/div>\t\t\t\t\t\t<\/header><!-- .entry-header -->\n\t\t\t\t\t\t\t\t\t\t\t<div class=\"wp-show-posts-entry-summary\" itemprop=\"text\">\n\t\t\t\t\t\t\t<p>L\u2019EMD de Raimat ha obert una consulta pr\u00e8via sobre l\u2019ordenan\u00e7a reguladora dels Camins de Raimat.&nbsp; D\u2019aquesta manera, s\u2019ofereix la possibilitat a la ciutadania que faci les seves aportacions fins al&#8230;<\/p>\n\t\t\t\t\t\t<\/div><!-- .entry-summary -->\n\t\t\t\t\t<div class=\"wpsp-read-more\"><a title=\"Consulta p\u00fablica\" class=\"wp-show-posts-read-more\" href=\"https:\/\/raimat.paeria.cat\/web\/consulta-publica-3\/\">Llegir m\u00e9s<\/a><\/div><\/div><!-- wp-show-posts-inner --><\/article><article class=\" wp-show-posts-single post-3484 post type-post status-publish format-standard hentry category-noticia wpsp-col-6\" itemtype=\"http:\/\/schema.org\/CreativeWork\" itemscope><div class=\"wp-show-posts-inner\" style=\"\">\t\t\t\t\t\t<header class=\"wp-show-posts-entry-header\">\n\t\t\t\t\t\t\t<h2 class=\"wp-show-posts-entry-title\" itemprop=\"headline\"><a href=\"https:\/\/raimat.paeria.cat\/web\/consulta-publica\/\" rel=\"bookmark\">Consulta p\u00fablica<\/a><\/h2><div class=\"wp-show-posts-entry-meta wp-show-posts-entry-meta-below-title post-meta-inline\"><span class=\"wp-show-posts-posted-on wp-show-posts-meta\">\n\t\t\t\t\t<a href=\"https:\/\/raimat.paeria.cat\/web\/consulta-publica\/\" title=\"9:00\" rel=\"bookmark\"><time class=\"wp-show-posts-entry-date published\" datetime=\"2026-03-04T09:00:00+02:00\" itemprop=\"datePublished\">4 de mar\u00e7 de 2026<\/time><time class=\"wp-show-posts-updated\" datetime=\"2026-03-09T11:45:31+02:00\" itemprop=\"dateModified\">9 de mar\u00e7 de 2026<\/time><\/a>\n\t\t\t\t<\/span><\/div>\t\t\t\t\t\t<\/header><!-- .entry-header -->\n\t\t\t\t\t\t\t\t\t\t\t<div class=\"wp-show-posts-entry-summary\" itemprop=\"text\">\n\t\t\t\t\t\t\t<p>L\u2019EMD de Raimat ha obert una consulta pr\u00e8via sobre l\u2019ordenan\u00e7a reguladora del Cementiri Municipal de Raimat.&nbsp; D\u2019aquesta manera, s\u2019ofereix la possibilitat a la ciutadania que faci les seves aportacions fins&#8230;<\/p>\n\t\t\t\t\t\t<\/div><!-- .entry-summary -->\n\t\t\t\t\t<div class=\"wpsp-read-more\"><a title=\"Consulta p\u00fablica\" class=\"wp-show-posts-read-more\" href=\"https:\/\/raimat.paeria.cat\/web\/consulta-publica\/\">Llegir m\u00e9s<\/a><\/div><\/div><!-- wp-show-posts-inner --><\/article><article class=\" wp-show-posts-single post-3486 post type-post status-publish format-standard hentry category-noticia wpsp-col-6\" itemtype=\"http:\/\/schema.org\/CreativeWork\" itemscope><div class=\"wp-show-posts-inner\" style=\"\">\t\t\t\t\t\t<header class=\"wp-show-posts-entry-header\">\n\t\t\t\t\t\t\t<h2 class=\"wp-show-posts-entry-title\" itemprop=\"headline\"><a href=\"https:\/\/raimat.paeria.cat\/web\/consulta-publica-2\/\" rel=\"bookmark\">Consulta p\u00fablica<\/a><\/h2><div class=\"wp-show-posts-entry-meta wp-show-posts-entry-meta-below-title post-meta-inline\"><span class=\"wp-show-posts-posted-on wp-show-posts-meta\">\n\t\t\t\t\t<a href=\"https:\/\/raimat.paeria.cat\/web\/consulta-publica-2\/\" title=\"9:00\" rel=\"bookmark\"><time class=\"wp-show-posts-entry-date published\" datetime=\"2026-03-04T09:00:00+02:00\" itemprop=\"datePublished\">4 de mar\u00e7 de 2026<\/time><time class=\"wp-show-posts-updated\" datetime=\"2026-03-09T11:48:47+02:00\" itemprop=\"dateModified\">9 de mar\u00e7 de 2026<\/time><\/a>\n\t\t\t\t<\/span><\/div>\t\t\t\t\t\t<\/header><!-- .entry-header -->\n\t\t\t\t\t\t\t\t\t\t\t<div class=\"wp-show-posts-entry-summary\" itemprop=\"text\">\n\t\t\t\t\t\t\t<p>L\u2019EMD de Raimat ha obert una consulta pr\u00e8via sobre l\u2019ordenan\u00e7a reguladora dels Horts Municipals de Raimat.&nbsp; D\u2019aquesta manera, s\u2019ofereix la possibilitat a la ciutadania que faci les seves aportacions fins&#8230;<\/p>\n\t\t\t\t\t\t<\/div><!-- .entry-summary -->\n\t\t\t\t\t<div class=\"wpsp-read-more\"><a title=\"Consulta p\u00fablica\" class=\"wp-show-posts-read-more\" href=\"https:\/\/raimat.paeria.cat\/web\/consulta-publica-2\/\">Llegir m\u00e9s<\/a><\/div><\/div><!-- wp-show-posts-inner --><\/article><article class=\" wp-show-posts-single post-3477 post type-post status-publish format-standard has-post-thumbnail hentry category-noticia wpsp-col-6\" itemtype=\"http:\/\/schema.org\/CreativeWork\" itemscope><div class=\"wp-show-posts-inner\" style=\"\">\t\t\t\t\t\t<header class=\"wp-show-posts-entry-header\">\n\t\t\t\t\t\t\t<h2 class=\"wp-show-posts-entry-title\" itemprop=\"headline\"><a href=\"https:\/\/raimat.paeria.cat\/web\/segria-terra-de-floracio-2\/\" rel=\"bookmark\">Segri\u00e0, Terra de Floraci\u00f3<\/a><\/h2><div class=\"wp-show-posts-entry-meta wp-show-posts-entry-meta-below-title post-meta-inline\"><span class=\"wp-show-posts-posted-on wp-show-posts-meta\">\n\t\t\t\t\t<a href=\"https:\/\/raimat.paeria.cat\/web\/segria-terra-de-floracio-2\/\" title=\"9:00\" rel=\"bookmark\"><time class=\"wp-show-posts-entry-date published\" datetime=\"2026-03-03T09:00:00+02:00\" itemprop=\"datePublished\">3 de mar\u00e7 de 2026<\/time><time class=\"wp-show-posts-updated\" datetime=\"2026-02-25T20:05:50+02:00\" itemprop=\"dateModified\">25 de febrer de 2026<\/time><\/a>\n\t\t\t\t<\/span><\/div>\t\t\t\t\t\t<\/header><!-- .entry-header -->\n\t\t\t\t\t\t\t<div class=\"wp-show-posts-image  wpsp-image-center \">\n\t\t\t<a href=\"https:\/\/raimat.paeria.cat\/web\/segria-terra-de-floracio-2\/\"  title=\"Segri\u00e0, Terra de Floraci\u00f3\"><img loading=\"lazy\" decoding=\"async\" width=\"1789\" height=\"2515\" src=\"https:\/\/raimat.paeria.cat\/web\/wp-content\/uploads\/2026\/02\/segria-terra-de-floracio-2026-cat-1.png\" class=\"attachment-full size-full wp-post-image\" alt=\"\" itemprop=\"image\" srcset=\"https:\/\/raimat.paeria.cat\/web\/wp-content\/uploads\/2026\/02\/segria-terra-de-floracio-2026-cat-1.png 1789w, https:\/\/raimat.paeria.cat\/web\/wp-content\/uploads\/2026\/02\/segria-terra-de-floracio-2026-cat-1-213x300.png 213w, https:\/\/raimat.paeria.cat\/web\/wp-content\/uploads\/2026\/02\/segria-terra-de-floracio-2026-cat-1-728x1024.png 728w, https:\/\/raimat.paeria.cat\/web\/wp-content\/uploads\/2026\/02\/segria-terra-de-floracio-2026-cat-1-768x1080.png 768w, https:\/\/raimat.paeria.cat\/web\/wp-content\/uploads\/2026\/02\/segria-terra-de-floracio-2026-cat-1-1093x1536.png 1093w, https:\/\/raimat.paeria.cat\/web\/wp-content\/uploads\/2026\/02\/segria-terra-de-floracio-2026-cat-1-1457x2048.png 1457w\" sizes=\"(max-width: 1789px) 100vw, 1789px\" \/><\/a>\t\t<\/div>\n\t\t\t\t\t\t\t\t<div class=\"wp-show-posts-entry-summary\" itemprop=\"text\">\n\t\t\t\t\t\t\t<p>Consell Comarcal del Segri\u00e0<\/p>\n\t\t\t\t\t\t<\/div><!-- .entry-summary -->\n\t\t\t\t\t<div class=\"wpsp-read-more\"><a title=\"Segri\u00e0, Terra de Floraci\u00f3\" class=\"wp-show-posts-read-more\" href=\"https:\/\/raimat.paeria.cat\/web\/segria-terra-de-floracio-2\/\">Llegir m\u00e9s<\/a><\/div><\/div><!-- wp-show-posts-inner --><\/article><article class=\" wp-show-posts-single post-3481 post type-post status-publish format-standard has-post-thumbnail hentry category-noticia wpsp-col-6\" itemtype=\"http:\/\/schema.org\/CreativeWork\" itemscope><div class=\"wp-show-posts-inner\" style=\"\">\t\t\t\t\t\t<header class=\"wp-show-posts-entry-header\">\n\t\t\t\t\t\t\t<h2 class=\"wp-show-posts-entry-title\" itemprop=\"headline\"><a href=\"https:\/\/raimat.paeria.cat\/web\/actes-8m-2\/\" rel=\"bookmark\">Actes 8M<\/a><\/h2><div class=\"wp-show-posts-entry-meta wp-show-posts-entry-meta-below-title post-meta-inline\"><span class=\"wp-show-posts-posted-on wp-show-posts-meta\">\n\t\t\t\t\t<a href=\"https:\/\/raimat.paeria.cat\/web\/actes-8m-2\/\" title=\"22:59\" rel=\"bookmark\"><time class=\"wp-show-posts-entry-date published\" datetime=\"2026-03-01T22:59:37+02:00\" itemprop=\"datePublished\">1 de mar\u00e7 de 2026<\/time><time class=\"wp-show-posts-updated\" datetime=\"2026-03-01T23:02:02+02:00\" itemprop=\"dateModified\">1 de mar\u00e7 de 2026<\/time><\/a>\n\t\t\t\t<\/span><\/div>\t\t\t\t\t\t<\/header><!-- .entry-header -->\n\t\t\t\t\t\t\t<div class=\"wp-show-posts-image  wpsp-image-center \">\n\t\t\t<a href=\"https:\/\/raimat.paeria.cat\/web\/actes-8m-2\/\"  title=\"Actes 8M\"><img loading=\"lazy\" decoding=\"async\" width=\"1587\" height=\"2245\" src=\"https:\/\/raimat.paeria.cat\/web\/wp-content\/uploads\/2026\/03\/2026.08_Actes-8M.png\" class=\"attachment-full size-full wp-post-image\" alt=\"\" itemprop=\"image\" srcset=\"https:\/\/raimat.paeria.cat\/web\/wp-content\/uploads\/2026\/03\/2026.08_Actes-8M.png 1587w, https:\/\/raimat.paeria.cat\/web\/wp-content\/uploads\/2026\/03\/2026.08_Actes-8M-212x300.png 212w, https:\/\/raimat.paeria.cat\/web\/wp-content\/uploads\/2026\/03\/2026.08_Actes-8M-724x1024.png 724w, https:\/\/raimat.paeria.cat\/web\/wp-content\/uploads\/2026\/03\/2026.08_Actes-8M-768x1086.png 768w, https:\/\/raimat.paeria.cat\/web\/wp-content\/uploads\/2026\/03\/2026.08_Actes-8M-1086x1536.png 1086w, https:\/\/raimat.paeria.cat\/web\/wp-content\/uploads\/2026\/03\/2026.08_Actes-8M-1448x2048.png 1448w\" sizes=\"(max-width: 1587px) 100vw, 1587px\" \/><\/a>\t\t<\/div>\n\t\t\t\t\t\t\t\t<div class=\"wp-show-posts-entry-summary\" itemprop=\"text\">\n\t\t\t\t\t\t\t\t\t\t\t\t\t<\/div><!-- .entry-summary -->\n\t\t\t\t\t<div class=\"wpsp-read-more\"><a title=\"Actes 8M\" class=\"wp-show-posts-read-more\" href=\"https:\/\/raimat.paeria.cat\/web\/actes-8m-2\/\">Llegir m\u00e9s<\/a><\/div><\/div><!-- wp-show-posts-inner --><\/article><article class=\" wp-show-posts-single post-3474 post type-post status-publish format-standard has-post-thumbnail hentry category-noticia wpsp-col-6\" itemtype=\"http:\/\/schema.org\/CreativeWork\" itemscope><div class=\"wp-show-posts-inner\" style=\"\">\t\t\t\t\t\t<header class=\"wp-show-posts-entry-header\">\n\t\t\t\t\t\t\t<h2 class=\"wp-show-posts-entry-title\" itemprop=\"headline\"><a href=\"https:\/\/raimat.paeria.cat\/web\/campanya-dajuda-humanitaria-per-a-cuba\/\" rel=\"bookmark\">Campanya d&#8217;ajuda humanit\u00e0ria per a Cuba<\/a><\/h2><div class=\"wp-show-posts-entry-meta wp-show-posts-entry-meta-below-title post-meta-inline\"><span class=\"wp-show-posts-posted-on wp-show-posts-meta\">\n\t\t\t\t\t<a href=\"https:\/\/raimat.paeria.cat\/web\/campanya-dajuda-humanitaria-per-a-cuba\/\" title=\"9:00\" rel=\"bookmark\"><time class=\"wp-show-posts-entry-date published\" datetime=\"2026-02-27T09:00:00+02:00\" itemprop=\"datePublished\">27 de febrer de 2026<\/time><time class=\"wp-show-posts-updated\" datetime=\"2026-02-25T20:06:02+02:00\" itemprop=\"dateModified\">25 de febrer de 2026<\/time><\/a>\n\t\t\t\t<\/span><\/div>\t\t\t\t\t\t<\/header><!-- .entry-header -->\n\t\t\t\t\t\t\t<div class=\"wp-show-posts-image  wpsp-image-center \">\n\t\t\t<a href=\"https:\/\/raimat.paeria.cat\/web\/campanya-dajuda-humanitaria-per-a-cuba\/\"  title=\"Campanya d&#8217;ajuda humanit\u00e0ria per a Cuba\"><img loading=\"lazy\" decoding=\"async\" width=\"1587\" height=\"2245\" src=\"https:\/\/raimat.paeria.cat\/web\/wp-content\/uploads\/2026\/02\/Campanya-dAjuda-humanitaria-Cuba.jpg\" class=\"attachment-full size-full wp-post-image\" alt=\"\" itemprop=\"image\" srcset=\"https:\/\/raimat.paeria.cat\/web\/wp-content\/uploads\/2026\/02\/Campanya-dAjuda-humanitaria-Cuba.jpg 1587w, https:\/\/raimat.paeria.cat\/web\/wp-content\/uploads\/2026\/02\/Campanya-dAjuda-humanitaria-Cuba-212x300.jpg 212w, https:\/\/raimat.paeria.cat\/web\/wp-content\/uploads\/2026\/02\/Campanya-dAjuda-humanitaria-Cuba-724x1024.jpg 724w, https:\/\/raimat.paeria.cat\/web\/wp-content\/uploads\/2026\/02\/Campanya-dAjuda-humanitaria-Cuba-768x1086.jpg 768w, https:\/\/raimat.paeria.cat\/web\/wp-content\/uploads\/2026\/02\/Campanya-dAjuda-humanitaria-Cuba-1086x1536.jpg 1086w, https:\/\/raimat.paeria.cat\/web\/wp-content\/uploads\/2026\/02\/Campanya-dAjuda-humanitaria-Cuba-1448x2048.jpg 1448w\" sizes=\"(max-width: 1587px) 100vw, 1587px\" \/><\/a>\t\t<\/div>\n\t\t\t\t\t\t\t\t<div class=\"wp-show-posts-entry-summary\" itemprop=\"text\">\n\t\t\t\t\t\t\t<p>Ajuntament de Lleida &#8220;LLEIDA ENDEGA UNA CAMPANYA DE RECOLLIDA DE MATERIAL PER A CUBA PER PAL.LIAR ELS EFECTES DEL BLOQUEIG CUBA EST\u00c0 IMMERSA EN UNA DE LES SEVES PITJORS CRISIS&#8230;<\/p>\n\t\t\t\t\t\t<\/div><!-- .entry-summary -->\n\t\t\t\t\t<div class=\"wpsp-read-more\"><a title=\"Campanya d&#8217;ajuda humanit\u00e0ria per a Cuba\" class=\"wp-show-posts-read-more\" href=\"https:\/\/raimat.paeria.cat\/web\/campanya-dajuda-humanitaria-per-a-cuba\/\">Llegir m\u00e9s<\/a><\/div><\/div><!-- wp-show-posts-inner --><\/article><article class=\" wp-show-posts-single post-3468 post type-post status-publish format-standard hentry category-noticia wpsp-col-6\" itemtype=\"http:\/\/schema.org\/CreativeWork\" itemscope><div class=\"wp-show-posts-inner\" style=\"\">\t\t\t\t\t\t<header class=\"wp-show-posts-entry-header\">\n\t\t\t\t\t\t\t<h2 class=\"wp-show-posts-entry-title\" itemprop=\"headline\"><a href=\"https:\/\/raimat.paeria.cat\/web\/ple-extraordinari-17-02-2026\/\" rel=\"bookmark\">Ple extraordinari-17\/02\/2026<\/a><\/h2><div class=\"wp-show-posts-entry-meta wp-show-posts-entry-meta-below-title post-meta-inline\"><span class=\"wp-show-posts-posted-on wp-show-posts-meta\">\n\t\t\t\t\t<a href=\"https:\/\/raimat.paeria.cat\/web\/ple-extraordinari-17-02-2026\/\" title=\"13:42\" rel=\"bookmark\"><time class=\"wp-show-posts-entry-date published\" datetime=\"2026-02-17T13:42:56+02:00\" itemprop=\"datePublished\">17 de febrer de 2026<\/time><time class=\"wp-show-posts-updated\" datetime=\"2026-02-17T13:45:40+02:00\" itemprop=\"dateModified\">17 de febrer de 2026<\/time><\/a>\n\t\t\t\t<\/span><\/div>\t\t\t\t\t\t<\/header><!-- .entry-header -->\n\t\t\t\t\t\t\t\t\t\t\t<div class=\"wp-show-posts-entry-summary\" itemprop=\"text\">\n\t\t\t\t\t\t\t<p>Sal\u00f3 de Plens de l&#8217;EMD de Raimat Exp.G0102020201R\/2026\/0001 ANUNCI Convocat\u00f2ria de sessi\u00f3 extraordin\u00e0ria de la Junta Ve\u00efnal de l\u2019Entitat Municipal Descentralitzada de Raimat, que tindr\u00e0 lloc el pr\u00f2xim 18 de&#8230;<\/p>\n\t\t\t\t\t\t<\/div><!-- .entry-summary -->\n\t\t\t\t\t<div class=\"wpsp-read-more\"><a title=\"Ple extraordinari-17\/02\/2026\" class=\"wp-show-posts-read-more\" href=\"https:\/\/raimat.paeria.cat\/web\/ple-extraordinari-17-02-2026\/\">Llegir m\u00e9s<\/a><\/div><\/div><!-- wp-show-posts-inner --><\/article><article class=\" wp-show-posts-single post-3460 post type-post status-publish format-standard hentry category-noticia wpsp-col-6\" itemtype=\"http:\/\/schema.org\/CreativeWork\" itemscope><div class=\"wp-show-posts-inner\" style=\"\">\t\t\t\t\t\t<header class=\"wp-show-posts-entry-header\">\n\t\t\t\t\t\t\t<h2 class=\"wp-show-posts-entry-title\" itemprop=\"headline\"><a href=\"https:\/\/raimat.paeria.cat\/web\/nota-de-premsa-3\/\" rel=\"bookmark\">Nota de premsa<\/a><\/h2><div class=\"wp-show-posts-entry-meta wp-show-posts-entry-meta-below-title post-meta-inline\"><span class=\"wp-show-posts-posted-on wp-show-posts-meta\">\n\t\t\t\t\t<a href=\"https:\/\/raimat.paeria.cat\/web\/nota-de-premsa-3\/\" title=\"13:24\" rel=\"bookmark\"><time class=\"wp-show-posts-entry-date published\" datetime=\"2026-02-17T13:24:43+02:00\" itemprop=\"datePublished\">17 de febrer de 2026<\/time><time class=\"wp-show-posts-updated\" datetime=\"2026-02-17T13:27:10+02:00\" itemprop=\"dateModified\">17 de febrer de 2026<\/time><\/a>\n\t\t\t\t<\/span><\/div>\t\t\t\t\t\t<\/header><!-- .entry-header -->\n\t\t\t\t\t\t\t\t\t\t\t<div class=\"wp-show-posts-entry-summary\" itemprop=\"text\">\n\t\t\t\t\t\t\t<p>Alcaldia-Comunicaci\u00f3 Els ajuntaments de la l\u00ednia d&#8217;Arag\u00f3 elaboraran una proposta d\u2019horaris i freq\u00fc\u00e8ncies de la nova l\u00ednia de rodalies fins a Monz\u00f3n<\/p>\n\t\t\t\t\t\t<\/div><!-- .entry-summary -->\n\t\t\t\t\t<div class=\"wpsp-read-more\"><a title=\"Nota de premsa\" class=\"wp-show-posts-read-more\" href=\"https:\/\/raimat.paeria.cat\/web\/nota-de-premsa-3\/\">Llegir m\u00e9s<\/a><\/div><\/div><!-- wp-show-posts-inner --><\/article><article class=\" wp-show-posts-single post-3457 post type-post status-publish format-standard hentry category-noticia wpsp-col-6\" itemtype=\"http:\/\/schema.org\/CreativeWork\" itemscope><div class=\"wp-show-posts-inner\" style=\"\">\t\t\t\t\t\t<header class=\"wp-show-posts-entry-header\">\n\t\t\t\t\t\t\t<h2 class=\"wp-show-posts-entry-title\" itemprop=\"headline\"><a href=\"https:\/\/raimat.paeria.cat\/web\/festa-de-carnestoltes-2\/\" rel=\"bookmark\">Festa de Carnestoltes<\/a><\/h2><div class=\"wp-show-posts-entry-meta wp-show-posts-entry-meta-below-title post-meta-inline\"><span class=\"wp-show-posts-posted-on wp-show-posts-meta\">\n\t\t\t\t\t<a href=\"https:\/\/raimat.paeria.cat\/web\/festa-de-carnestoltes-2\/\" title=\"11:33\" rel=\"bookmark\"><time class=\"wp-show-posts-entry-date published\" datetime=\"2026-02-16T11:33:26+02:00\" itemprop=\"datePublished\">16 de febrer de 2026<\/time><\/a>\n\t\t\t\t<\/span><\/div>\t\t\t\t\t\t<\/header><!-- .entry-header -->\n\t\t\t\t\t\t\t\t\t\t\t<div class=\"wp-show-posts-entry-summary\" itemprop=\"text\">\n\t\t\t\t\t\t\t<p>\u00c0rea de Joventut i de Festes Populars<\/p>\n\t\t\t\t\t\t<\/div><!-- .entry-summary -->\n\t\t\t\t\t<div class=\"wpsp-read-more\"><a title=\"Festa de Carnestoltes\" class=\"wp-show-posts-read-more\" href=\"https:\/\/raimat.paeria.cat\/web\/festa-de-carnestoltes-2\/\">Llegir m\u00e9s<\/a><\/div><\/div><!-- wp-show-posts-inner --><\/article><article class=\" wp-show-posts-single post-3453 post type-post status-publish format-standard hentry category-noticia wpsp-col-6\" itemtype=\"http:\/\/schema.org\/CreativeWork\" itemscope><div class=\"wp-show-posts-inner\" style=\"\">\t\t\t\t\t\t<header class=\"wp-show-posts-entry-header\">\n\t\t\t\t\t\t\t<h2 class=\"wp-show-posts-entry-title\" itemprop=\"headline\"><a href=\"https:\/\/raimat.paeria.cat\/web\/activitats-curs-2025-2026_2n-semestre\/\" rel=\"bookmark\">Activitats curs 2025-2026_2n semestre<\/a><\/h2><div class=\"wp-show-posts-entry-meta wp-show-posts-entry-meta-below-title post-meta-inline\"><span class=\"wp-show-posts-posted-on wp-show-posts-meta\">\n\t\t\t\t\t<a href=\"https:\/\/raimat.paeria.cat\/web\/activitats-curs-2025-2026_2n-semestre\/\" title=\"11:03\" rel=\"bookmark\"><time class=\"wp-show-posts-entry-date published\" datetime=\"2026-02-04T11:03:13+02:00\" itemprop=\"datePublished\">4 de febrer de 2026<\/time><time class=\"wp-show-posts-updated\" datetime=\"2026-02-04T11:03:14+02:00\" itemprop=\"dateModified\">4 de febrer de 2026<\/time><\/a>\n\t\t\t\t<\/span><\/div>\t\t\t\t\t\t<\/header><!-- .entry-header -->\n\t\t\t\t\t\t\t\t\t\t\t<div class=\"wp-show-posts-entry-summary\" itemprop=\"text\">\n\t\t\t\t\t\t\t<p>Activitat per a mantenir un bon estat f\u00edsic mitjan\u00e7ant exercicis adequats a l\u2019edat dels i de les participants. &nbsp; Inscripcions a l\u2019oficina de l\u2019Ajuntament fins el 12 de febrer (incl\u00f2s)&#8230;.<\/p>\n\t\t\t\t\t\t<\/div><!-- .entry-summary -->\n\t\t\t\t\t<div class=\"wpsp-read-more\"><a title=\"Activitats curs 2025-2026_2n semestre\" class=\"wp-show-posts-read-more\" href=\"https:\/\/raimat.paeria.cat\/web\/activitats-curs-2025-2026_2n-semestre\/\">Llegir m\u00e9s<\/a><\/div><\/div><!-- wp-show-posts-inner --><\/article><article class=\" wp-show-posts-single post-3450 post type-post status-publish format-standard hentry category-noticia wpsp-col-6\" itemtype=\"http:\/\/schema.org\/CreativeWork\" itemscope><div class=\"wp-show-posts-inner\" style=\"\">\t\t\t\t\t\t<header class=\"wp-show-posts-entry-header\">\n\t\t\t\t\t\t\t<h2 class=\"wp-show-posts-entry-title\" itemprop=\"headline\"><a href=\"https:\/\/raimat.paeria.cat\/web\/me-representacio-teatral\/\" rel=\"bookmark\">ME: Representaci\u00f3 teatral<\/a><\/h2><div class=\"wp-show-posts-entry-meta wp-show-posts-entry-meta-below-title post-meta-inline\"><span class=\"wp-show-posts-posted-on wp-show-posts-meta\">\n\t\t\t\t\t<a href=\"https:\/\/raimat.paeria.cat\/web\/me-representacio-teatral\/\" title=\"13:04\" rel=\"bookmark\"><time class=\"wp-show-posts-entry-date published\" datetime=\"2026-02-03T13:04:33+02:00\" itemprop=\"datePublished\">3 de febrer de 2026<\/time><time class=\"wp-show-posts-updated\" datetime=\"2026-02-03T13:04:34+02:00\" itemprop=\"dateModified\">3 de febrer de 2026<\/time><\/a>\n\t\t\t\t<\/span><\/div>\t\t\t\t\t\t<\/header><!-- .entry-header -->\n\t\t\t\t\t\t\t\t\t\t\t<div class=\"wp-show-posts-entry-summary\" itemprop=\"text\">\n\t\t\t\t\t\t\t<p>Mossos d&#8217;Esquadra<\/p>\n\t\t\t\t\t\t<\/div><!-- .entry-summary -->\n\t\t\t\t\t<div class=\"wpsp-read-more\"><a title=\"ME: Representaci\u00f3 teatral\" class=\"wp-show-posts-read-more\" href=\"https:\/\/raimat.paeria.cat\/web\/me-representacio-teatral\/\">Llegir m\u00e9s<\/a><\/div><\/div><!-- wp-show-posts-inner --><\/article><article class=\" wp-show-posts-single post-3447 post type-post status-publish format-standard has-post-thumbnail hentry category-noticia wpsp-col-6\" itemtype=\"http:\/\/schema.org\/CreativeWork\" itemscope><div class=\"wp-show-posts-inner\" style=\"\">\t\t\t\t\t\t<header class=\"wp-show-posts-entry-header\">\n\t\t\t\t\t\t\t<h2 class=\"wp-show-posts-entry-title\" itemprop=\"headline\"><a href=\"https:\/\/raimat.paeria.cat\/web\/subvencio-diputacio-de-lleida-2\/\" rel=\"bookmark\">Subvenci\u00f3: Diputaci\u00f3 de Lleida<\/a><\/h2><div class=\"wp-show-posts-entry-meta wp-show-posts-entry-meta-below-title post-meta-inline\"><span class=\"wp-show-posts-posted-on wp-show-posts-meta\">\n\t\t\t\t\t<a href=\"https:\/\/raimat.paeria.cat\/web\/subvencio-diputacio-de-lleida-2\/\" title=\"12:32\" rel=\"bookmark\"><time class=\"wp-show-posts-entry-date published\" datetime=\"2026-02-02T12:32:52+02:00\" itemprop=\"datePublished\">2 de febrer de 2026<\/time><time class=\"wp-show-posts-updated\" datetime=\"2026-02-02T12:32:53+02:00\" itemprop=\"dateModified\">2 de febrer de 2026<\/time><\/a>\n\t\t\t\t<\/span><\/div>\t\t\t\t\t\t<\/header><!-- .entry-header -->\n\t\t\t\t\t\t\t<div class=\"wp-show-posts-image  wpsp-image-center \">\n\t\t\t<a href=\"https:\/\/raimat.paeria.cat\/web\/subvencio-diputacio-de-lleida-2\/\"  title=\"Subvenci\u00f3: Diputaci\u00f3 de Lleida\"><img loading=\"lazy\" decoding=\"async\" width=\"2560\" height=\"1810\" src=\"https:\/\/raimat.paeria.cat\/web\/wp-content\/uploads\/2025\/12\/DIPUTACIO-DE-LLEIDA-2025_SF-scaled.png\" class=\"attachment-full size-full wp-post-image\" alt=\"\" itemprop=\"image\" srcset=\"https:\/\/raimat.paeria.cat\/web\/wp-content\/uploads\/2025\/12\/DIPUTACIO-DE-LLEIDA-2025_SF-scaled.png 2560w, https:\/\/raimat.paeria.cat\/web\/wp-content\/uploads\/2025\/12\/DIPUTACIO-DE-LLEIDA-2025_SF-300x212.png 300w, https:\/\/raimat.paeria.cat\/web\/wp-content\/uploads\/2025\/12\/DIPUTACIO-DE-LLEIDA-2025_SF-1024x724.png 1024w, https:\/\/raimat.paeria.cat\/web\/wp-content\/uploads\/2025\/12\/DIPUTACIO-DE-LLEIDA-2025_SF-768x543.png 768w, https:\/\/raimat.paeria.cat\/web\/wp-content\/uploads\/2025\/12\/DIPUTACIO-DE-LLEIDA-2025_SF-1536x1086.png 1536w, https:\/\/raimat.paeria.cat\/web\/wp-content\/uploads\/2025\/12\/DIPUTACIO-DE-LLEIDA-2025_SF-2048x1448.png 2048w\" sizes=\"(max-width: 2560px) 100vw, 2560px\" \/><\/a>\t\t<\/div>\n\t\t\t\t\t\t\t\t<div class=\"wp-show-posts-entry-summary\" itemprop=\"text\">\n\t\t\t\t\t\t\t<p>Nota de premsa Raimat, a 2 de febrer de 2026 ATORGAMENT DE SUBVENCI\u00d3 L\u2019Entitat Municipal Descentralitzada de Raimat ha rebut la concessi\u00f3 definitiva per part de la Diputaci\u00f3 de Lleida&#8230;<\/p>\n\t\t\t\t\t\t<\/div><!-- .entry-summary -->\n\t\t\t\t\t<div class=\"wpsp-read-more\"><a title=\"Subvenci\u00f3: Diputaci\u00f3 de Lleida\" class=\"wp-show-posts-read-more\" href=\"https:\/\/raimat.paeria.cat\/web\/subvencio-diputacio-de-lleida-2\/\">Llegir m\u00e9s<\/a><\/div><\/div><!-- wp-show-posts-inner --><\/article><article class=\" wp-show-posts-single post-3439 post type-post status-publish format-standard hentry category-noticia wpsp-col-6\" itemtype=\"http:\/\/schema.org\/CreativeWork\" itemscope><div class=\"wp-show-posts-inner\" style=\"\">\t\t\t\t\t\t<header class=\"wp-show-posts-entry-header\">\n\t\t\t\t\t\t\t<h2 class=\"wp-show-posts-entry-title\" itemprop=\"headline\"><a href=\"https:\/\/raimat.paeria.cat\/web\/santa-agueda-2026\/\" rel=\"bookmark\">Santa \u00c0gueda 2026<\/a><\/h2><div class=\"wp-show-posts-entry-meta wp-show-posts-entry-meta-below-title post-meta-inline\"><span class=\"wp-show-posts-posted-on wp-show-posts-meta\">\n\t\t\t\t\t<a href=\"https:\/\/raimat.paeria.cat\/web\/santa-agueda-2026\/\" title=\"19:25\" rel=\"bookmark\"><time class=\"wp-show-posts-entry-date published\" datetime=\"2026-01-29T19:25:55+02:00\" itemprop=\"datePublished\">29 de gener de 2026<\/time><\/a>\n\t\t\t\t<\/span><\/div>\t\t\t\t\t\t<\/header><!-- .entry-header -->\n\t\t\t\t\t\t\t\t\t\t\t<div class=\"wp-show-posts-entry-summary\" itemprop=\"text\">\n\t\t\t\t\t\t\t<p>Associaci\u00f3 de Ve\u00efns de Raimat<\/p>\n\t\t\t\t\t\t<\/div><!-- .entry-summary -->\n\t\t\t\t\t<div class=\"wpsp-read-more\"><a title=\"Santa \u00c0gueda 2026\" class=\"wp-show-posts-read-more\" href=\"https:\/\/raimat.paeria.cat\/web\/santa-agueda-2026\/\">Llegir m\u00e9s<\/a><\/div><\/div><!-- wp-show-posts-inner --><\/article><article class=\" wp-show-posts-single post-3428 post type-post status-publish format-standard hentry category-noticia wpsp-col-6\" itemtype=\"http:\/\/schema.org\/CreativeWork\" itemscope><div class=\"wp-show-posts-inner\" style=\"\">\t\t\t\t\t\t<header class=\"wp-show-posts-entry-header\">\n\t\t\t\t\t\t\t<h2 class=\"wp-show-posts-entry-title\" itemprop=\"headline\"><a href=\"https:\/\/raimat.paeria.cat\/web\/avanc-del-poum\/\" rel=\"bookmark\">Avan\u00e7 del POUM<\/a><\/h2><div class=\"wp-show-posts-entry-meta wp-show-posts-entry-meta-below-title post-meta-inline\"><span class=\"wp-show-posts-posted-on wp-show-posts-meta\">\n\t\t\t\t\t<a href=\"https:\/\/raimat.paeria.cat\/web\/avanc-del-poum\/\" title=\"9:00\" rel=\"bookmark\"><time class=\"wp-show-posts-entry-date published\" datetime=\"2026-01-26T09:00:00+02:00\" itemprop=\"datePublished\">26 de gener de 2026<\/time><time class=\"wp-show-posts-updated\" datetime=\"2026-01-23T21:50:55+02:00\" itemprop=\"dateModified\">23 de gener de 2026<\/time><\/a>\n\t\t\t\t<\/span><\/div>\t\t\t\t\t\t<\/header><!-- .entry-header -->\n\t\t\t\t\t\t\t\t\t\t\t<div class=\"wp-show-posts-entry-summary\" itemprop=\"text\">\n\t\t\t\t\t\t\t<p>\u00c0rea d&#8217;Urbanisme i Ajuntament de Lleida A efectes d&#8217;afavorir la participaci\u00f3 directa de la ciutadania ja sigui en la presentaci\u00f3, en temps i forma, de propostes de suggeriments, al\u00b7legacions o&#8230;<\/p>\n\t\t\t\t\t\t<\/div><!-- .entry-summary -->\n\t\t\t\t\t<div class=\"wpsp-read-more\"><a title=\"Avan\u00e7 del POUM\" class=\"wp-show-posts-read-more\" href=\"https:\/\/raimat.paeria.cat\/web\/avanc-del-poum\/\">Llegir m\u00e9s<\/a><\/div><\/div><!-- wp-show-posts-inner --><\/article><article class=\" wp-show-posts-single post-3423 post type-post status-publish format-standard hentry category-noticia wpsp-col-6\" itemtype=\"http:\/\/schema.org\/CreativeWork\" itemscope><div class=\"wp-show-posts-inner\" style=\"\">\t\t\t\t\t\t<header class=\"wp-show-posts-entry-header\">\n\t\t\t\t\t\t\t<h2 class=\"wp-show-posts-entry-title\" itemprop=\"headline\"><a href=\"https:\/\/raimat.paeria.cat\/web\/contractacio-publica-bar-restaurant-piscines-municipals\/\" rel=\"bookmark\">Contractaci\u00f3 p\u00fablica: bar-restaurant Piscines Municipals<\/a><\/h2><div class=\"wp-show-posts-entry-meta wp-show-posts-entry-meta-below-title post-meta-inline\"><span class=\"wp-show-posts-posted-on wp-show-posts-meta\">\n\t\t\t\t\t<a href=\"https:\/\/raimat.paeria.cat\/web\/contractacio-publica-bar-restaurant-piscines-municipals\/\" title=\"20:23\" rel=\"bookmark\"><time class=\"wp-show-posts-entry-date published\" datetime=\"2026-01-22T20:23:50+02:00\" itemprop=\"datePublished\">22 de gener de 2026<\/time><time class=\"wp-show-posts-updated\" datetime=\"2026-01-23T20:27:44+02:00\" itemprop=\"dateModified\">23 de gener de 2026<\/time><\/a>\n\t\t\t\t<\/span><\/div>\t\t\t\t\t\t<\/header><!-- .entry-header -->\n\t\t\t\t\t\t\t\t\t\t\t<div class=\"wp-show-posts-entry-summary\" itemprop=\"text\">\n\t\t\t\t\t\t\t<p>Alcaldia-Comunicaci\u00f3 \ud83d\udce2 Nova licitaci\u00f3 p\u00fablica a Raimat L\u2019EMD de Raimat ha obert la licitaci\u00f3 per a la concessi\u00f3 del bar-restaurant del Parc de les Piscines Municipals. El projecte no nom\u00e9s&#8230;<\/p>\n\t\t\t\t\t\t<\/div><!-- .entry-summary -->\n\t\t\t\t\t<div class=\"wpsp-read-more\"><a title=\"Contractaci\u00f3 p\u00fablica: bar-restaurant Piscines Municipals\" class=\"wp-show-posts-read-more\" href=\"https:\/\/raimat.paeria.cat\/web\/contractacio-publica-bar-restaurant-piscines-municipals\/\">Llegir m\u00e9s<\/a><\/div><\/div><!-- wp-show-posts-inner --><\/article><div class=\"wpsp-clear\"><\/div><\/section><!-- .wp-show-posts --><div class=\"wpsp-load-more\"><span aria-current=\"page\" class=\"page-numbers current\">1<\/span>\n<a class=\"page-numbers\" href=\"https:\/\/raimat.paeria.cat\/web\/wp-json\/wp\/v2\/pages\/1360\/page\/2\/\">2<\/a>\n<span class=\"page-numbers dots\">&hellip;<\/span>\n<a class=\"page-numbers\" href=\"https:\/\/raimat.paeria.cat\/web\/wp-json\/wp\/v2\/pages\/1360\/page\/10\/\">10<\/a>\n<a class=\"next page-numbers\" href=\"https:\/\/raimat.paeria.cat\/web\/wp-json\/wp\/v2\/pages\/1360\/page\/2\/\">Seg\u00fcent &rarr;<\/a><\/div><\/div>\n\t\t\t\t\t\t<\/div>\n\t\t\t\t<\/div>\n\t\t\t\t\t<\/div>\n\t\t<\/div>\n\t\t\t\t\t<\/div>\n\t\t<\/section>\n\t\t\t\t<\/div>\n\t\t","protected":false},"excerpt":{"rendered":"","protected":false},"author":8,"featured_media":0,"parent":0,"menu_order":0,"comment_status":"closed","ping_status":"closed","template":"","meta":{"footnotes":""},"class_list":["post-1360","page","type-page","status-publish","hentry"],"yoast_head":"<!-- This site is optimized with the Yoast SEO plugin v27.5 - https:\/\/yoast.com\/product\/yoast-seo-wordpress\/ -->\n<title>Not\u00edcies - Entitat Municipal Descentralitzada de Raimat - La Paeria - Ajuntament Lleida<\/title>\n<meta name=\"robots\" content=\"index, follow, max-snippet:-1, max-image-preview:large, max-video-preview:-1\" \/>\n<link rel=\"canonical\" href=\"https:\/\/raimat.paeria.cat\/web\/noticies\/\" \/>\n<meta property=\"og:locale\" content=\"ca_ES\" \/>\n<meta property=\"og:type\" content=\"article\" \/>\n<meta property=\"og:title\" content=\"Not\u00edcies - Entitat Municipal Descentralitzada de Raimat - La Paeria - Ajuntament Lleida\" \/>\n<meta property=\"og:url\" content=\"https:\/\/raimat.paeria.cat\/web\/noticies\/\" \/>\n<meta property=\"og:site_name\" content=\"Entitat Municipal Descentralitzada de Raimat - La Paeria - Ajuntament Lleida\" \/>\n<meta property=\"article:modified_time\" content=\"2021-06-09T10:13:58+00:00\" \/>\n<meta name=\"twitter:card\" content=\"summary_large_image\" \/>\n<meta name=\"twitter:label1\" content=\"Temps estimat de lectura\" \/>\n\t<meta name=\"twitter:data1\" content=\"2 minuts\" \/>\n<script type=\"application\/ld+json\" class=\"yoast-schema-graph\">{\"@context\":\"https:\\\/\\\/schema.org\",\"@graph\":[{\"@type\":\"WebPage\",\"@id\":\"https:\\\/\\\/raimat.paeria.cat\\\/web\\\/noticies\\\/\",\"url\":\"https:\\\/\\\/raimat.paeria.cat\\\/web\\\/noticies\\\/\",\"name\":\"Not\u00edcies - Entitat Municipal Descentralitzada de Raimat - La Paeria - Ajuntament Lleida\",\"isPartOf\":{\"@id\":\"https:\\\/\\\/raimat.paeria.cat\\\/web\\\/#website\"},\"datePublished\":\"2021-06-09T10:13:30+00:00\",\"dateModified\":\"2021-06-09T10:13:58+00:00\",\"breadcrumb\":{\"@id\":\"https:\\\/\\\/raimat.paeria.cat\\\/web\\\/noticies\\\/#breadcrumb\"},\"inLanguage\":\"ca\",\"potentialAction\":[{\"@type\":\"ReadAction\",\"target\":[\"https:\\\/\\\/raimat.paeria.cat\\\/web\\\/noticies\\\/\"]}]},{\"@type\":\"BreadcrumbList\",\"@id\":\"https:\\\/\\\/raimat.paeria.cat\\\/web\\\/noticies\\\/#breadcrumb\",\"itemListElement\":[{\"@type\":\"ListItem\",\"position\":1,\"name\":\"Inici\",\"item\":\"https:\\\/\\\/raimat.paeria.cat\\\/web\\\/\"},{\"@type\":\"ListItem\",\"position\":2,\"name\":\"Not\u00edcies\"}]},{\"@type\":\"WebSite\",\"@id\":\"https:\\\/\\\/raimat.paeria.cat\\\/web\\\/#website\",\"url\":\"https:\\\/\\\/raimat.paeria.cat\\\/web\\\/\",\"name\":\"Entitat Municipal Descentralitzada de Raimat - La Paeria - Ajuntament Lleida\",\"description\":\"Entitat Municipal Descentralitzada de Raimat\",\"publisher\":{\"@id\":\"https:\\\/\\\/raimat.paeria.cat\\\/web\\\/#organization\"},\"potentialAction\":[{\"@type\":\"SearchAction\",\"target\":{\"@type\":\"EntryPoint\",\"urlTemplate\":\"https:\\\/\\\/raimat.paeria.cat\\\/web\\\/?s={search_term_string}\"},\"query-input\":{\"@type\":\"PropertyValueSpecification\",\"valueRequired\":true,\"valueName\":\"search_term_string\"}}],\"inLanguage\":\"ca\"},{\"@type\":\"Organization\",\"@id\":\"https:\\\/\\\/raimat.paeria.cat\\\/web\\\/#organization\",\"name\":\"Ajuntament de Lleida\",\"url\":\"https:\\\/\\\/raimat.paeria.cat\\\/web\\\/\",\"logo\":{\"@type\":\"ImageObject\",\"inLanguage\":\"ca\",\"@id\":\"https:\\\/\\\/raimat.paeria.cat\\\/web\\\/#\\\/schema\\\/logo\\\/image\\\/\",\"url\":\"https:\\\/\\\/raimat.paeria.cat\\\/web\\\/wp-content\\\/uploads\\\/2020\\\/06\\\/capcalera-raimat-escut-logo-paeria.png\",\"contentUrl\":\"https:\\\/\\\/raimat.paeria.cat\\\/web\\\/wp-content\\\/uploads\\\/2020\\\/06\\\/capcalera-raimat-escut-logo-paeria.png\",\"width\":1100,\"height\":221,\"caption\":\"Ajuntament de Lleida\"},\"image\":{\"@id\":\"https:\\\/\\\/raimat.paeria.cat\\\/web\\\/#\\\/schema\\\/logo\\\/image\\\/\"}}]}<\/script>\n<!-- \/ Yoast SEO plugin. -->","yoast_head_json":{"title":"Not\u00edcies - Entitat Municipal Descentralitzada de Raimat - La Paeria - Ajuntament Lleida","robots":{"index":"index","follow":"follow","max-snippet":"max-snippet:-1","max-image-preview":"max-image-preview:large","max-video-preview":"max-video-preview:-1"},"canonical":"https:\/\/raimat.paeria.cat\/web\/noticies\/","og_locale":"ca_ES","og_type":"article","og_title":"Not\u00edcies - Entitat Municipal Descentralitzada de Raimat - La Paeria - Ajuntament Lleida","og_url":"https:\/\/raimat.paeria.cat\/web\/noticies\/","og_site_name":"Entitat Municipal Descentralitzada de Raimat - La Paeria - Ajuntament Lleida","article_modified_time":"2021-06-09T10:13:58+00:00","twitter_card":"summary_large_image","twitter_misc":{"Temps estimat de lectura":"2 minuts"},"schema":{"@context":"https:\/\/schema.org","@graph":[{"@type":"WebPage","@id":"https:\/\/raimat.paeria.cat\/web\/noticies\/","url":"https:\/\/raimat.paeria.cat\/web\/noticies\/","name":"Not\u00edcies - Entitat Municipal Descentralitzada de Raimat - La Paeria - Ajuntament Lleida","isPartOf":{"@id":"https:\/\/raimat.paeria.cat\/web\/#website"},"datePublished":"2021-06-09T10:13:30+00:00","dateModified":"2021-06-09T10:13:58+00:00","breadcrumb":{"@id":"https:\/\/raimat.paeria.cat\/web\/noticies\/#breadcrumb"},"inLanguage":"ca","potentialAction":[{"@type":"ReadAction","target":["https:\/\/raimat.paeria.cat\/web\/noticies\/"]}]},{"@type":"BreadcrumbList","@id":"https:\/\/raimat.paeria.cat\/web\/noticies\/#breadcrumb","itemListElement":[{"@type":"ListItem","position":1,"name":"Inici","item":"https:\/\/raimat.paeria.cat\/web\/"},{"@type":"ListItem","position":2,"name":"Not\u00edcies"}]},{"@type":"WebSite","@id":"https:\/\/raimat.paeria.cat\/web\/#website","url":"https:\/\/raimat.paeria.cat\/web\/","name":"Entitat Municipal Descentralitzada de Raimat - La Paeria - Ajuntament Lleida","description":"Entitat Municipal Descentralitzada de Raimat","publisher":{"@id":"https:\/\/raimat.paeria.cat\/web\/#organization"},"potentialAction":[{"@type":"SearchAction","target":{"@type":"EntryPoint","urlTemplate":"https:\/\/raimat.paeria.cat\/web\/?s={search_term_string}"},"query-input":{"@type":"PropertyValueSpecification","valueRequired":true,"valueName":"search_term_string"}}],"inLanguage":"ca"},{"@type":"Organization","@id":"https:\/\/raimat.paeria.cat\/web\/#organization","name":"Ajuntament de Lleida","url":"https:\/\/raimat.paeria.cat\/web\/","logo":{"@type":"ImageObject","inLanguage":"ca","@id":"https:\/\/raimat.paeria.cat\/web\/#\/schema\/logo\/image\/","url":"https:\/\/raimat.paeria.cat\/web\/wp-content\/uploads\/2020\/06\/capcalera-raimat-escut-logo-paeria.png","contentUrl":"https:\/\/raimat.paeria.cat\/web\/wp-content\/uploads\/2020\/06\/capcalera-raimat-escut-logo-paeria.png","width":1100,"height":221,"caption":"Ajuntament de Lleida"},"image":{"@id":"https:\/\/raimat.paeria.cat\/web\/#\/schema\/logo\/image\/"}}]}},"_links":{"self":[{"href":"https:\/\/raimat.paeria.cat\/web\/wp-json\/wp\/v2\/pages\/1360","targetHints":{"allow":["GET"]}}],"collection":[{"href":"https:\/\/raimat.paeria.cat\/web\/wp-json\/wp\/v2\/pages"}],"about":[{"href":"https:\/\/raimat.paeria.cat\/web\/wp-json\/wp\/v2\/types\/page"}],"author":[{"embeddable":true,"href":"https:\/\/raimat.paeria.cat\/web\/wp-json\/wp\/v2\/users\/8"}],"replies":[{"embeddable":true,"href":"https:\/\/raimat.paeria.cat\/web\/wp-json\/wp\/v2\/comments?post=1360"}],"version-history":[{"count":0,"href":"https:\/\/raimat.paeria.cat\/web\/wp-json\/wp\/v2\/pages\/1360\/revisions"}],"wp:attachment":[{"href":"https:\/\/raimat.paeria.cat\/web\/wp-json\/wp\/v2\/media?parent=1360"}],"curies":[{"name":"wp","href":"https:\/\/api.w.org\/{rel}","templated":true}]}}